{"id":129,"date":"2024-02-23T23:12:45","date_gmt":"2024-02-23T22:12:45","guid":{"rendered":"https:\/\/ane-normand.fr\/?page_id=129"},"modified":"2026-03-31T22:37:40","modified_gmt":"2026-03-31T20:37:40","slug":"les-baudets","status":"publish","type":"page","link":"https:\/\/ane-normand.fr\/?page_id=129","title":{"rendered":"les baudets"},"content":{"rendered":"\n<p>Cartographie des baudets agr\u00e9\u00e9s actifs<\/p>\n\n\n\n<figure class=\"wp-block-image size-full\"><img loading=\"lazy\" decoding=\"async\" width=\"1500\" height=\"1060\" src=\"https:\/\/ane-normand.fr\/wp-content\/uploads\/2026\/03\/carte-baudets.jpg\" alt=\"\" class=\"wp-image-196\" srcset=\"https:\/\/ane-normand.fr\/wp-content\/uploads\/2026\/03\/carte-baudets.jpg 1500w, https:\/\/ane-normand.fr\/wp-content\/uploads\/2026\/03\/carte-baudets-300x212.jpg 300w, https:\/\/ane-normand.fr\/wp-content\/uploads\/2026\/03\/carte-baudets-1024x724.jpg 1024w, https:\/\/ane-normand.fr\/wp-content\/uploads\/2026\/03\/carte-baudets-768x543.jpg 768w\" sizes=\"auto, (max-width: 767px) 89vw, (max-width: 1000px) 54vw, (max-width: 1071px) 543px, 580px\" \/><\/figure>\n\n\n\n<p><strong>Liste des Baudets \u00c2NE NORMAND et Etalonniers<\/strong><\/p>\n\n\n\n<p><strong>14 \u2013 CALVADOS<\/strong><\/p>\n\n\n\n<p>FITROEN PIGACHE&nbsp;&nbsp;&nbsp;&nbsp;&nbsp;&nbsp;&nbsp;&nbsp;&nbsp;&nbsp;&nbsp;&nbsp;&nbsp;&nbsp;&nbsp;&nbsp;&nbsp;&nbsp;&nbsp;&nbsp;&nbsp;&nbsp;&nbsp;<\/p>\n\n\n\n<div class=\"wp-block-media-text is-stacked-on-mobile\"><figure class=\"wp-block-media-text__media\"><img loading=\"lazy\" decoding=\"async\" width=\"250\" height=\"250\" src=\"https:\/\/ane-normand.fr\/wp-content\/uploads\/2024\/02\/cropped-cropped-logo-OS-AN-modif.jpg\" alt=\"\" class=\"wp-image-78 size-full\" srcset=\"https:\/\/ane-normand.fr\/wp-content\/uploads\/2024\/02\/cropped-cropped-logo-OS-AN-modif.jpg 250w, https:\/\/ane-normand.fr\/wp-content\/uploads\/2024\/02\/cropped-cropped-logo-OS-AN-modif-150x150.jpg 150w, https:\/\/ane-normand.fr\/wp-content\/uploads\/2024\/02\/cropped-cropped-logo-OS-AN-modif-100x100.jpg 100w\" sizes=\"auto, (max-width: 250px) 100vw, 250px\" \/><\/figure><div class=\"wp-block-media-text__content\">\n<p>Baudet chocolat n\u00e9 en 2015           Taille : 120 cm<\/p>\n\n\n\n<p>Propri\u00e9taire: <\/p>\n\n\n\n<p>LENEVEU Hubert<\/p>\n\n\n\n<p>718 Chemin De La Garenne            14130 Coquainvilliers                              T\u00e9l: 06 85 72 40 80<\/p>\n<\/div><\/div>\n\n\n\n<p>UBONGO DU GITE&nbsp;&nbsp;&nbsp;&nbsp;&nbsp;&nbsp;&nbsp;&nbsp;&nbsp;&nbsp;&nbsp;&nbsp;&nbsp;&nbsp;&nbsp;&nbsp;&nbsp;&nbsp;<\/p>\n\n\n\n<div class=\"wp-block-media-text is-stacked-on-mobile\"><figure class=\"wp-block-media-text__media\"><img loading=\"lazy\" decoding=\"async\" width=\"250\" height=\"250\" src=\"https:\/\/ane-normand.fr\/wp-content\/uploads\/2024\/02\/cropped-cropped-logo-OS-AN-modif.jpg\" alt=\"\" class=\"wp-image-78 size-full\" srcset=\"https:\/\/ane-normand.fr\/wp-content\/uploads\/2024\/02\/cropped-cropped-logo-OS-AN-modif.jpg 250w, https:\/\/ane-normand.fr\/wp-content\/uploads\/2024\/02\/cropped-cropped-logo-OS-AN-modif-150x150.jpg 150w, https:\/\/ane-normand.fr\/wp-content\/uploads\/2024\/02\/cropped-cropped-logo-OS-AN-modif-100x100.jpg 100w\" sizes=\"auto, (max-width: 250px) 100vw, 250px\" \/><\/figure><div class=\"wp-block-media-text__content\">\n<p>Baudet bai n\u00e9 en 2008                       Taille :  122 cm<\/p>\n\n\n\n<p>Propri\u00e9taire: <\/p>\n\n\n\n<p>LENEVEU Hubert<\/p>\n\n\n\n<p>718 Chemin De La Garenne              14130 Coquainvilliers                                    T\u00e9l: 06 85 72 40 80<\/p>\n<\/div><\/div>\n\n\n\n<p><strong>50 \u2013 MANCHE<\/strong><\/p>\n\n\n\n<p>AMAROK DU VAL D\u2019ELLE&nbsp;&nbsp;&nbsp;&nbsp;&nbsp;&nbsp;&nbsp;&nbsp;&nbsp;&nbsp;&nbsp;<\/p>\n\n\n\n<div class=\"wp-block-media-text is-stacked-on-mobile\"><figure class=\"wp-block-media-text__media\"><img loading=\"lazy\" decoding=\"async\" width=\"250\" height=\"250\" src=\"https:\/\/ane-normand.fr\/wp-content\/uploads\/2024\/02\/cropped-cropped-logo-OS-AN-modif.jpg\" alt=\"\" class=\"wp-image-78 size-full\" srcset=\"https:\/\/ane-normand.fr\/wp-content\/uploads\/2024\/02\/cropped-cropped-logo-OS-AN-modif.jpg 250w, https:\/\/ane-normand.fr\/wp-content\/uploads\/2024\/02\/cropped-cropped-logo-OS-AN-modif-150x150.jpg 150w, https:\/\/ane-normand.fr\/wp-content\/uploads\/2024\/02\/cropped-cropped-logo-OS-AN-modif-100x100.jpg 100w\" sizes=\"auto, (max-width: 250px) 100vw, 250px\" \/><\/figure><div class=\"wp-block-media-text__content\">\n<p>Baudet chocolat n\u00e9 en 2010            Taille : 117 cm<\/p>\n\n\n\n<p>Propri\u00e9taire: <\/p>\n\n\n\n<p>CHEYREZY Sylvie<\/p>\n\n\n\n<p>ferme de la vall\u00e9e                               50810 BERIGNY                                        T\u00e9l: 06 80 52 90 95<\/p>\n<\/div><\/div>\n\n\n\n<p>FAREL DU VAL D\u2019ELLE&nbsp;&nbsp;&nbsp;&nbsp;&nbsp;&nbsp;&nbsp;&nbsp;&nbsp;&nbsp;&nbsp;&nbsp;&nbsp;&nbsp;&nbsp;&nbsp;<\/p>\n\n\n\n<div class=\"wp-block-media-text is-stacked-on-mobile\"><figure class=\"wp-block-media-text__media\"><img loading=\"lazy\" decoding=\"async\" width=\"612\" height=\"816\" src=\"https:\/\/ane-normand.fr\/wp-content\/uploads\/2026\/03\/IMG_20231020_155655_resized_20260329_105459482.jpg\" alt=\"\" class=\"wp-image-230 size-full\" srcset=\"https:\/\/ane-normand.fr\/wp-content\/uploads\/2026\/03\/IMG_20231020_155655_resized_20260329_105459482.jpg 612w, https:\/\/ane-normand.fr\/wp-content\/uploads\/2026\/03\/IMG_20231020_155655_resized_20260329_105459482-225x300.jpg 225w\" sizes=\"auto, (max-width: 612px) 100vw, 612px\" \/><\/figure><div class=\"wp-block-media-text__content\">\n<p>Baudet chocolat n\u00e9 en 2015                Taille :  116 cm<\/p>\n\n\n\n<p>Propri\u00e9taire: <\/p>\n\n\n\n<p>CHEYREZY Sylvie<\/p>\n\n\n\n<p>ferme de la vall\u00e9e                                    50810 BERIGNY                                            T\u00e9l: 06 80 52 90 95<\/p>\n<\/div><\/div>\n\n\n\n<p>FURTIF DE L\u2019AURETTE&nbsp;&nbsp;&nbsp;&nbsp;&nbsp;&nbsp;&nbsp;&nbsp;&nbsp;&nbsp;&nbsp;&nbsp;&nbsp;&nbsp;&nbsp;&nbsp;<\/p>\n\n\n\n<div class=\"wp-block-media-text is-stacked-on-mobile\"><figure class=\"wp-block-media-text__media\"><img loading=\"lazy\" decoding=\"async\" width=\"738\" height=\"1024\" src=\"https:\/\/ane-normand.fr\/wp-content\/uploads\/2026\/03\/8702904810024195204-738x1024.jpg\" alt=\"\" class=\"wp-image-228 size-full\" srcset=\"https:\/\/ane-normand.fr\/wp-content\/uploads\/2026\/03\/8702904810024195204-738x1024.jpg 738w, https:\/\/ane-normand.fr\/wp-content\/uploads\/2026\/03\/8702904810024195204-216x300.jpg 216w, https:\/\/ane-normand.fr\/wp-content\/uploads\/2026\/03\/8702904810024195204-768x1065.jpg 768w, https:\/\/ane-normand.fr\/wp-content\/uploads\/2026\/03\/8702904810024195204-1107x1536.jpg 1107w, https:\/\/ane-normand.fr\/wp-content\/uploads\/2026\/03\/8702904810024195204.jpg 1149w\" sizes=\"auto, (max-width: 738px) 100vw, 738px\" \/><\/figure><div class=\"wp-block-media-text__content\">\n<p>Baudet bai n\u00e9 en 2015                        Taille : 124 cm<\/p>\n\n\n\n<p>Propri\u00e9taire: <\/p>\n\n\n\n<p>CHEYREZY Sylvie<\/p>\n\n\n\n<p>ferme de la vall\u00e9e<\/p>\n\n\n\n<p> 50810 BERIGNY <\/p>\n\n\n\n<p>T\u00e9l: 06 80 52 90 95<\/p>\n<\/div><\/div>\n\n\n\n<p>QUODY DU VAL DE LAWE&nbsp;&nbsp;&nbsp;&nbsp;&nbsp;&nbsp;&nbsp;&nbsp;&nbsp;&nbsp;<\/p>\n\n\n\n<div class=\"wp-block-media-text is-stacked-on-mobile\"><figure class=\"wp-block-media-text__media\"><img loading=\"lazy\" decoding=\"async\" width=\"1024\" height=\"513\" src=\"https:\/\/ane-normand.fr\/wp-content\/uploads\/2024\/02\/cropped-DSC_0016-scaled-2-1024x513.jpg\" alt=\"\" class=\"wp-image-189 size-full\" srcset=\"https:\/\/ane-normand.fr\/wp-content\/uploads\/2024\/02\/cropped-DSC_0016-scaled-2-1024x513.jpg 1024w, https:\/\/ane-normand.fr\/wp-content\/uploads\/2024\/02\/cropped-DSC_0016-scaled-2-300x150.jpg 300w, https:\/\/ane-normand.fr\/wp-content\/uploads\/2024\/02\/cropped-DSC_0016-scaled-2-768x385.jpg 768w, https:\/\/ane-normand.fr\/wp-content\/uploads\/2024\/02\/cropped-DSC_0016-scaled-2-1536x770.jpg 1536w, https:\/\/ane-normand.fr\/wp-content\/uploads\/2024\/02\/cropped-DSC_0016-scaled-2-624x313.jpg 624w, https:\/\/ane-normand.fr\/wp-content\/uploads\/2024\/02\/cropped-DSC_0016-scaled-2.jpg 2000w\" sizes=\"auto, (max-width: 767px) 89vw, (max-width: 1000px) 54vw, (max-width: 1071px) 543px, 580px\" \/><\/figure><div class=\"wp-block-media-text__content\">\n<p>Baudet bai n\u00e9 en 2004                        Taille :  121 cm<\/p>\n\n\n\n<p>Propri\u00e9taire: <\/p>\n\n\n\n<p>CHEYREZY Sylvie<\/p>\n\n\n\n<p>ferme de la vall\u00e9e                                      50810 BERIGNY                                              T\u00e9l: 06 80 52 90 95<\/p>\n<\/div><\/div>\n\n\n\n<p>VELOURS 4&nbsp;&nbsp;&nbsp;&nbsp;&nbsp;&nbsp;&nbsp;&nbsp;&nbsp;&nbsp;&nbsp;&nbsp;&nbsp;&nbsp;&nbsp;&nbsp;&nbsp;&nbsp;&nbsp;&nbsp;&nbsp;&nbsp;&nbsp;&nbsp;&nbsp;&nbsp;&nbsp;&nbsp;&nbsp;&nbsp;&nbsp;&nbsp;&nbsp;&nbsp;&nbsp;&nbsp;&nbsp;&nbsp;&nbsp;&nbsp;<\/p>\n\n\n\n<div class=\"wp-block-media-text is-stacked-on-mobile\"><figure class=\"wp-block-media-text__media\"><img loading=\"lazy\" decoding=\"async\" width=\"250\" height=\"250\" src=\"https:\/\/ane-normand.fr\/wp-content\/uploads\/2024\/02\/cropped-cropped-logo-OS-AN-modif.jpg\" alt=\"\" class=\"wp-image-78 size-full\" srcset=\"https:\/\/ane-normand.fr\/wp-content\/uploads\/2024\/02\/cropped-cropped-logo-OS-AN-modif.jpg 250w, https:\/\/ane-normand.fr\/wp-content\/uploads\/2024\/02\/cropped-cropped-logo-OS-AN-modif-150x150.jpg 150w, https:\/\/ane-normand.fr\/wp-content\/uploads\/2024\/02\/cropped-cropped-logo-OS-AN-modif-100x100.jpg 100w\" sizes=\"auto, (max-width: 250px) 100vw, 250px\" \/><\/figure><div class=\"wp-block-media-text__content\">\n<p>Baudet bai n\u00e9 en 2009                      Taille : 124 cm<\/p>\n\n\n\n<p>Propri\u00e9taire: <\/p>\n\n\n\n<p>CHEYREZY Sylvie<\/p>\n\n\n\n<p>ferme de la vall\u00e9e                                     50810 BERIGNY                                               T\u00e9l: 06 80 52 90 95<\/p>\n<\/div><\/div>\n\n\n\n<p>MIKADO DE L&rsquo;ARCHE <\/p>\n\n\n\n<div class=\"wp-block-media-text is-stacked-on-mobile\"><figure class=\"wp-block-media-text__media\"><img loading=\"lazy\" decoding=\"async\" width=\"250\" height=\"250\" src=\"https:\/\/ane-normand.fr\/wp-content\/uploads\/2024\/02\/cropped-cropped-logo-OS-AN-modif.jpg\" alt=\"\" class=\"wp-image-78 size-full\" srcset=\"https:\/\/ane-normand.fr\/wp-content\/uploads\/2024\/02\/cropped-cropped-logo-OS-AN-modif.jpg 250w, https:\/\/ane-normand.fr\/wp-content\/uploads\/2024\/02\/cropped-cropped-logo-OS-AN-modif-150x150.jpg 150w, https:\/\/ane-normand.fr\/wp-content\/uploads\/2024\/02\/cropped-cropped-logo-OS-AN-modif-100x100.jpg 100w\" sizes=\"auto, (max-width: 250px) 100vw, 250px\" \/><\/figure><div class=\"wp-block-media-text__content\">\n<p>Baudet bai n\u00e9 en 2022                       Taille :  116 cm<\/p>\n\n\n\n<p>Propri\u00e9taire: <\/p>\n\n\n\n<p>CHEYREZY Sylvie<\/p>\n\n\n\n<p>ferme de la vall\u00e9e                                     50810 BERIGNY                                              T\u00e9l: 06 80 52 90 95<\/p>\n<\/div><\/div>\n\n\n\n<p><strong>61 \u2013 ORNE&nbsp;&nbsp;&nbsp;&nbsp;&nbsp;&nbsp;&nbsp;&nbsp;&nbsp;&nbsp;&nbsp;&nbsp;&nbsp;&nbsp;&nbsp;&nbsp;&nbsp;&nbsp;&nbsp;&nbsp;&nbsp;&nbsp;&nbsp;&nbsp;&nbsp;&nbsp;&nbsp;&nbsp;&nbsp;&nbsp;&nbsp;&nbsp;&nbsp;&nbsp;&nbsp;&nbsp;&nbsp;&nbsp;&nbsp;&nbsp;&nbsp;&nbsp;&nbsp;&nbsp;&nbsp;&nbsp;&nbsp;&nbsp;&nbsp;<\/strong><\/p>\n\n\n\n<p>BALTHAZAR JUNIOR&nbsp;&nbsp;&nbsp;&nbsp;&nbsp;&nbsp;&nbsp;&nbsp;&nbsp;&nbsp;&nbsp;&nbsp;&nbsp;&nbsp;&nbsp;&nbsp;&nbsp;&nbsp;&nbsp;&nbsp;<\/p>\n\n\n\n<div class=\"wp-block-media-text is-stacked-on-mobile\"><figure class=\"wp-block-media-text__media\"><img loading=\"lazy\" decoding=\"async\" width=\"984\" height=\"905\" src=\"https:\/\/ane-normand.fr\/wp-content\/uploads\/2026\/03\/balthazar-jnr.jpg\" alt=\"\" class=\"wp-image-226 size-full\" srcset=\"https:\/\/ane-normand.fr\/wp-content\/uploads\/2026\/03\/balthazar-jnr.jpg 984w, https:\/\/ane-normand.fr\/wp-content\/uploads\/2026\/03\/balthazar-jnr-300x276.jpg 300w, https:\/\/ane-normand.fr\/wp-content\/uploads\/2026\/03\/balthazar-jnr-768x706.jpg 768w\" sizes=\"auto, (max-width: 767px) 89vw, (max-width: 1000px) 54vw, (max-width: 1071px) 543px, 580px\" \/><\/figure><div class=\"wp-block-media-text__content\">\n<p>Baudet chocolat n\u00e9 en 2011              Taille : 116 cm<\/p>\n\n\n\n<p>Propri\u00e9taire: <\/p>\n\n\n\n<p>QUERTIER Aline<\/p>\n\n\n\n<p>La Frogerie                                                           61210 Ste Honorine La Guillaume                   Tel: 06 23 26 36 33<\/p>\n<\/div><\/div>\n\n\n\n<p>EMPEREUR DU VELAY&nbsp;&nbsp;&nbsp;&nbsp;&nbsp;&nbsp;&nbsp;&nbsp;&nbsp;&nbsp;&nbsp;&nbsp;&nbsp;&nbsp;&nbsp;&nbsp;<\/p>\n\n\n\n<div class=\"wp-block-media-text is-stacked-on-mobile\"><figure class=\"wp-block-media-text__media\"><img loading=\"lazy\" decoding=\"async\" width=\"250\" height=\"250\" src=\"https:\/\/ane-normand.fr\/wp-content\/uploads\/2024\/02\/cropped-cropped-logo-OS-AN-modif.jpg\" alt=\"\" class=\"wp-image-78 size-full\" srcset=\"https:\/\/ane-normand.fr\/wp-content\/uploads\/2024\/02\/cropped-cropped-logo-OS-AN-modif.jpg 250w, https:\/\/ane-normand.fr\/wp-content\/uploads\/2024\/02\/cropped-cropped-logo-OS-AN-modif-150x150.jpg 150w, https:\/\/ane-normand.fr\/wp-content\/uploads\/2024\/02\/cropped-cropped-logo-OS-AN-modif-100x100.jpg 100w\" sizes=\"auto, (max-width: 250px) 100vw, 250px\" \/><\/figure><div class=\"wp-block-media-text__content\">\n<p>Baudet chocolat n\u00e9 en 2014             Taille : 119 cm<\/p>\n\n\n\n<p>Propri\u00e9taire: <\/p>\n\n\n\n<p>HIND Robert<\/p>\n\n\n\n<p>La Thibaudi\u00e8re   HEUGON              61470 LA FERTE EN OUCHE               T\u00e9l: 02 33 36 68 99<\/p>\n<\/div><\/div>\n\n\n\n<p>HYDEFIX DES HAIES&nbsp;&nbsp;&nbsp;&nbsp;&nbsp;&nbsp;&nbsp;&nbsp;&nbsp;&nbsp;&nbsp;&nbsp;&nbsp;&nbsp;&nbsp;&nbsp;&nbsp;&nbsp;&nbsp;<\/p>\n\n\n\n<div class=\"wp-block-media-text is-stacked-on-mobile\"><figure class=\"wp-block-media-text__media\"><img loading=\"lazy\" decoding=\"async\" width=\"1024\" height=\"966\" src=\"https:\/\/ane-normand.fr\/wp-content\/uploads\/2026\/03\/hydefix-des-haies-1024x966.jpg\" alt=\"\" class=\"wp-image-222 size-full\" srcset=\"https:\/\/ane-normand.fr\/wp-content\/uploads\/2026\/03\/hydefix-des-haies-1024x966.jpg 1024w, https:\/\/ane-normand.fr\/wp-content\/uploads\/2026\/03\/hydefix-des-haies-300x283.jpg 300w, https:\/\/ane-normand.fr\/wp-content\/uploads\/2026\/03\/hydefix-des-haies-768x724.jpg 768w, https:\/\/ane-normand.fr\/wp-content\/uploads\/2026\/03\/hydefix-des-haies.jpg 1527w\" sizes=\"auto, (max-width: 767px) 89vw, (max-width: 1000px) 54vw, (max-width: 1071px) 543px, 580px\" \/><\/figure><div class=\"wp-block-media-text__content\">\n<p>Baudet bai n\u00e9 en 2017 Taille : 118 cm<\/p>\n\n\n\n<p>Propri\u00e9taire: <\/p>\n\n\n\n<p>DUHAMEL Laurence<\/p>\n\n\n\n<p>6 Les Haies La Carneille                         61100 Athis Val De Rouvre                           Tel: 06 13 10 09 16<\/p>\n<\/div><\/div>\n\n\n\n<p>&nbsp;&nbsp;&nbsp;&nbsp;&nbsp;&nbsp;&nbsp;&nbsp;&nbsp;&nbsp;&nbsp;&nbsp;&nbsp;&nbsp;&nbsp;&nbsp;&nbsp;&nbsp;&nbsp;&nbsp;&nbsp;&nbsp;&nbsp;&nbsp;&nbsp;&nbsp;&nbsp;&nbsp;&nbsp;&nbsp;&nbsp;&nbsp;&nbsp;&nbsp;&nbsp;&nbsp;&nbsp;&nbsp;&nbsp;&nbsp;<\/p>\n\n\n\n<p>JOLLYJUMPER DES HAIES&nbsp;&nbsp;&nbsp;&nbsp;&nbsp;&nbsp;<\/p>\n\n\n\n<div class=\"wp-block-media-text is-stacked-on-mobile\"><figure class=\"wp-block-media-text__media\"><img loading=\"lazy\" decoding=\"async\" width=\"250\" height=\"250\" src=\"https:\/\/ane-normand.fr\/wp-content\/uploads\/2024\/02\/cropped-cropped-logo-OS-AN-modif.jpg\" alt=\"\" class=\"wp-image-78 size-full\" srcset=\"https:\/\/ane-normand.fr\/wp-content\/uploads\/2024\/02\/cropped-cropped-logo-OS-AN-modif.jpg 250w, https:\/\/ane-normand.fr\/wp-content\/uploads\/2024\/02\/cropped-cropped-logo-OS-AN-modif-150x150.jpg 150w, https:\/\/ane-normand.fr\/wp-content\/uploads\/2024\/02\/cropped-cropped-logo-OS-AN-modif-100x100.jpg 100w\" sizes=\"auto, (max-width: 250px) 100vw, 250px\" \/><\/figure><div class=\"wp-block-media-text__content\">\n<p>Baudet bai n\u00e9 en 2019                        Taille : 112 cm<\/p>\n\n\n\n<p>Propri\u00e9taire: <\/p>\n\n\n\n<p>DUHAMEL Laurence<\/p>\n\n\n\n<p>6 Les Haies La Carneille                  61100 Athis Val De Rouvre                   Tel: 06 13 10 09 16<\/p>\n<\/div><\/div>\n\n\n\n<p><\/p>\n\n\n\n\n\n<p><strong>72 \u2013 SARTHE<\/strong><\/p>\n\n\n\n<p>JANGO DE VIBRAYE&nbsp;&nbsp;&nbsp;&nbsp;&nbsp;&nbsp;&nbsp;&nbsp;&nbsp;&nbsp;&nbsp;&nbsp;&nbsp;&nbsp;&nbsp;&nbsp;&nbsp;<\/p>\n\n\n\n<div class=\"wp-block-media-text is-stacked-on-mobile\"><figure class=\"wp-block-media-text__media\"><img loading=\"lazy\" decoding=\"async\" width=\"250\" height=\"250\" src=\"https:\/\/ane-normand.fr\/wp-content\/uploads\/2024\/02\/cropped-cropped-logo-OS-AN-modif.jpg\" alt=\"\" class=\"wp-image-78 size-full\" srcset=\"https:\/\/ane-normand.fr\/wp-content\/uploads\/2024\/02\/cropped-cropped-logo-OS-AN-modif.jpg 250w, https:\/\/ane-normand.fr\/wp-content\/uploads\/2024\/02\/cropped-cropped-logo-OS-AN-modif-150x150.jpg 150w, https:\/\/ane-normand.fr\/wp-content\/uploads\/2024\/02\/cropped-cropped-logo-OS-AN-modif-100x100.jpg 100w\" sizes=\"auto, (max-width: 250px) 100vw, 250px\" \/><\/figure><div class=\"wp-block-media-text__content\">\n<p>Baudet bai n\u00e9 en 2019                         Taille : 119 cm<\/p>\n\n\n\n<p>Propri\u00e9taire: <\/p>\n\n\n\n<p>CADOR Cindelle<\/p>\n\n\n\n<p>14 Rue De La Maladrerie                 72290 Mezieres Sur Ponthouin<\/p>\n<\/div><\/div>\n\n\n\n<p>JACKPOT DE VIBRAYE&nbsp;&nbsp; &nbsp;&nbsp;&nbsp;&nbsp;&nbsp;&nbsp;&nbsp;<\/p>\n\n\n\n<div class=\"wp-block-media-text is-stacked-on-mobile\"><figure class=\"wp-block-media-text__media\"><img loading=\"lazy\" decoding=\"async\" width=\"250\" height=\"250\" src=\"https:\/\/ane-normand.fr\/wp-content\/uploads\/2024\/02\/cropped-cropped-logo-OS-AN-modif.jpg\" alt=\"\" class=\"wp-image-78 size-full\" srcset=\"https:\/\/ane-normand.fr\/wp-content\/uploads\/2024\/02\/cropped-cropped-logo-OS-AN-modif.jpg 250w, https:\/\/ane-normand.fr\/wp-content\/uploads\/2024\/02\/cropped-cropped-logo-OS-AN-modif-150x150.jpg 150w, https:\/\/ane-normand.fr\/wp-content\/uploads\/2024\/02\/cropped-cropped-logo-OS-AN-modif-100x100.jpg 100w\" sizes=\"auto, (max-width: 250px) 100vw, 250px\" \/><\/figure><div class=\"wp-block-media-text__content\">\n<p>Baudet bai n\u00e9 en 2019                         Taille : 117 cm<\/p>\n\n\n\n<p>Propri\u00e9taire: <\/p>\n\n\n\n<p>CADOR Patrice<\/p>\n\n\n\n<p>8 place de l&rsquo;Eglise                                      72610 Oisseau le petit                             Tel : 06 45 87 23 09<\/p>\n<\/div><\/div>\n\n\n\n<p>LOUIS D\u2019OR DE VIBRAYE &nbsp;&nbsp;&nbsp;&nbsp;<\/p>\n\n\n\n<div class=\"wp-block-media-text is-stacked-on-mobile\"><figure class=\"wp-block-media-text__media\"><img loading=\"lazy\" decoding=\"async\" width=\"250\" height=\"250\" src=\"https:\/\/ane-normand.fr\/wp-content\/uploads\/2024\/02\/cropped-cropped-logo-OS-AN-modif.jpg\" alt=\"\" class=\"wp-image-78 size-full\" srcset=\"https:\/\/ane-normand.fr\/wp-content\/uploads\/2024\/02\/cropped-cropped-logo-OS-AN-modif.jpg 250w, https:\/\/ane-normand.fr\/wp-content\/uploads\/2024\/02\/cropped-cropped-logo-OS-AN-modif-150x150.jpg 150w, https:\/\/ane-normand.fr\/wp-content\/uploads\/2024\/02\/cropped-cropped-logo-OS-AN-modif-100x100.jpg 100w\" sizes=\"auto, (max-width: 250px) 100vw, 250px\" \/><\/figure><div class=\"wp-block-media-text__content\">\n<p>Baudet bai n\u00e9 en 2021                          Taille : 116 cm<\/p>\n\n\n\n<p>Propri\u00e9taire: <\/p>\n\n\n\n<p>VADE Jean<\/p>\n\n\n\n<p>&nbsp;19 Route De La Bruy\u00e8re                        72320 Vibraye                                                   Tel: 02 43 71 55 25<\/p>\n<\/div><\/div>\n\n\n\n<p>SAMI DES PINS&nbsp;&nbsp;&nbsp;&nbsp;&nbsp;&nbsp;&nbsp;&nbsp;&nbsp;&nbsp;&nbsp;&nbsp;&nbsp;&nbsp;&nbsp;&nbsp;&nbsp;&nbsp;&nbsp;&nbsp;&nbsp;&nbsp;&nbsp;&nbsp;&nbsp;&nbsp;<\/p>\n\n\n\n<div class=\"wp-block-media-text is-stacked-on-mobile\"><figure class=\"wp-block-media-text__media\"><img loading=\"lazy\" decoding=\"async\" width=\"1024\" height=\"686\" src=\"https:\/\/ane-normand.fr\/wp-content\/uploads\/2026\/03\/sami-des-pins.jpg\" alt=\"\" class=\"wp-image-223 size-full\" srcset=\"https:\/\/ane-normand.fr\/wp-content\/uploads\/2026\/03\/sami-des-pins.jpg 1024w, https:\/\/ane-normand.fr\/wp-content\/uploads\/2026\/03\/sami-des-pins-300x201.jpg 300w, https:\/\/ane-normand.fr\/wp-content\/uploads\/2026\/03\/sami-des-pins-768x515.jpg 768w\" sizes=\"auto, (max-width: 767px) 89vw, (max-width: 1000px) 54vw, (max-width: 1071px) 543px, 580px\" \/><\/figure><div class=\"wp-block-media-text__content\">\n<p>Baudet bai n\u00e9 en 2006<\/p>\n\n\n\n<p>Propri\u00e9taire: <\/p>\n\n\n\n<p>COURTEMANCHE Michel<\/p>\n\n\n\n<p>La Rue Creuse                                                 72290 Mezieres Sur Ponthouin                 Tel:  06 16 23 64 83<\/p>\n<\/div><\/div>\n\n\n\n<p>SILEX DU PARADIS&nbsp;&nbsp;&nbsp;&nbsp;&nbsp;&nbsp;&nbsp;&nbsp;&nbsp;&nbsp;&nbsp;&nbsp;&nbsp;&nbsp;&nbsp;&nbsp;&nbsp;<\/p>\n\n\n\n<div class=\"wp-block-media-text is-stacked-on-mobile\"><figure class=\"wp-block-media-text__media\"><img loading=\"lazy\" decoding=\"async\" width=\"1024\" height=\"686\" src=\"https:\/\/ane-normand.fr\/wp-content\/uploads\/2026\/03\/silex-du-paradis.jpg\" alt=\"\" class=\"wp-image-224 size-full\" srcset=\"https:\/\/ane-normand.fr\/wp-content\/uploads\/2026\/03\/silex-du-paradis.jpg 1024w, https:\/\/ane-normand.fr\/wp-content\/uploads\/2026\/03\/silex-du-paradis-300x201.jpg 300w, https:\/\/ane-normand.fr\/wp-content\/uploads\/2026\/03\/silex-du-paradis-768x515.jpg 768w\" sizes=\"auto, (max-width: 767px) 89vw, (max-width: 1000px) 54vw, (max-width: 1071px) 543px, 580px\" \/><\/figure><div class=\"wp-block-media-text__content\">\n<p>Baudet bai n\u00e9 en 2006<\/p>\n\n\n\n<p>Propri\u00e9taire: <\/p>\n\n\n\n<p>VADE Jean<\/p>\n\n\n\n<p>&nbsp;19 Route De La Bruy\u00e8re                 72320 Vibraye                                                     Tel: 02 43 71 55 25<\/p>\n<\/div><\/div>\n\n\n\n<p><strong>76 \u2013 SEINE MARITIME<\/strong><\/p>\n\n\n\n<p>ARMAND&nbsp;&nbsp;&nbsp;&nbsp;&nbsp;&nbsp;&nbsp;&nbsp;&nbsp;&nbsp;&nbsp;&nbsp;&nbsp;&nbsp;&nbsp;&nbsp;&nbsp;&nbsp;&nbsp;&nbsp;&nbsp;&nbsp;&nbsp;&nbsp;&nbsp;&nbsp;&nbsp;&nbsp;&nbsp;&nbsp;&nbsp;&nbsp;&nbsp;&nbsp;&nbsp;&nbsp;&nbsp;&nbsp;<\/p>\n\n\n\n<div class=\"wp-block-media-text is-stacked-on-mobile\"><figure class=\"wp-block-media-text__media\"><img loading=\"lazy\" decoding=\"async\" width=\"250\" height=\"250\" src=\"https:\/\/ane-normand.fr\/wp-content\/uploads\/2024\/02\/cropped-cropped-logo-OS-AN-modif.jpg\" alt=\"\" class=\"wp-image-78 size-full\" srcset=\"https:\/\/ane-normand.fr\/wp-content\/uploads\/2024\/02\/cropped-cropped-logo-OS-AN-modif.jpg 250w, https:\/\/ane-normand.fr\/wp-content\/uploads\/2024\/02\/cropped-cropped-logo-OS-AN-modif-150x150.jpg 150w, https:\/\/ane-normand.fr\/wp-content\/uploads\/2024\/02\/cropped-cropped-logo-OS-AN-modif-100x100.jpg 100w\" sizes=\"auto, (max-width: 250px) 100vw, 250px\" \/><\/figure><div class=\"wp-block-media-text__content\">\n<p>Baudet bai fonc\u00e9 n\u00e9 en 2010<\/p>\n\n\n\n<p>Propri\u00e9taire: <\/p>\n\n\n\n<p>BIVEL Laura<\/p>\n\n\n\n<p>216 rue du Franc Bosc <\/p>\n\n\n\n<p>76560 Ancourteville sur h\u00e9ricourt       Tel : 06 59 15 85 90<\/p>\n<\/div><\/div>\n\n\n\n<p>VIOLON DU PARADIS&nbsp;&nbsp;&nbsp;&nbsp;&nbsp;&nbsp;&nbsp;&nbsp;&nbsp;<\/p>\n\n\n\n<div class=\"wp-block-media-text is-stacked-on-mobile\"><figure class=\"wp-block-media-text__media\"><img loading=\"lazy\" decoding=\"async\" width=\"1024\" height=\"768\" src=\"https:\/\/ane-normand.fr\/wp-content\/uploads\/2026\/03\/violon-du-paradis.jpg\" alt=\"\" class=\"wp-image-233 size-full\" srcset=\"https:\/\/ane-normand.fr\/wp-content\/uploads\/2026\/03\/violon-du-paradis.jpg 1024w, https:\/\/ane-normand.fr\/wp-content\/uploads\/2026\/03\/violon-du-paradis-300x225.jpg 300w, https:\/\/ane-normand.fr\/wp-content\/uploads\/2026\/03\/violon-du-paradis-768x576.jpg 768w\" sizes=\"auto, (max-width: 767px) 89vw, (max-width: 1000px) 54vw, (max-width: 1071px) 543px, 580px\" \/><\/figure><div class=\"wp-block-media-text__content\">\n<p>Baudet bai n\u00e9 en 2009<\/p>\n\n\n\n<p>Propri\u00e9taire: <\/p>\n\n\n\n<p>COTTEY Gilles<\/p>\n\n\n\n<p>222 chemin du Val au Cesne         76190 Touffreville la corbeline           Tel : 06 20 34 32 01<\/p>\n<\/div><\/div>\n\n\n\n<p><strong>\u2013 BAUDETS ASSOCIATION<\/strong><\/p>\n\n\n\n<p>VICTOR 12&nbsp;&nbsp;&nbsp;<\/p>\n\n\n\n<div class=\"wp-block-media-text is-stacked-on-mobile\"><figure class=\"wp-block-media-text__media\"><img loading=\"lazy\" decoding=\"async\" width=\"250\" height=\"250\" src=\"https:\/\/ane-normand.fr\/wp-content\/uploads\/2024\/02\/cropped-cropped-logo-OS-AN-modif.jpg\" alt=\"\" class=\"wp-image-78 size-full\" srcset=\"https:\/\/ane-normand.fr\/wp-content\/uploads\/2024\/02\/cropped-cropped-logo-OS-AN-modif.jpg 250w, https:\/\/ane-normand.fr\/wp-content\/uploads\/2024\/02\/cropped-cropped-logo-OS-AN-modif-150x150.jpg 150w, https:\/\/ane-normand.fr\/wp-content\/uploads\/2024\/02\/cropped-cropped-logo-OS-AN-modif-100x100.jpg 100w\" sizes=\"auto, (max-width: 250px) 100vw, 250px\" \/><\/figure><div class=\"wp-block-media-text__content\">\n<p>Baudet bai n\u00e9 en 2009                       Taille 116 cm<\/p>\n\n\n\n<p>Propri\u00e9taire: <\/p>\n\n\n\n<p>Association nationale de l&rsquo;\u00c2ne Normand<\/p>\n\n\n\n<p>En station association aquacaux <\/p>\n<\/div><\/div>\n\n\n\n<p>&nbsp;&nbsp;&nbsp;&nbsp;&nbsp;&nbsp;&nbsp;&nbsp;&nbsp;&nbsp;&nbsp;&nbsp;&nbsp;&nbsp;&nbsp;&nbsp;&nbsp;&nbsp;&nbsp;&nbsp;&nbsp;&nbsp;&nbsp;&nbsp;&nbsp;&nbsp;&nbsp;&nbsp;&nbsp;&nbsp;&nbsp;&nbsp;&nbsp;&nbsp;&nbsp;&nbsp;&nbsp;&nbsp;&nbsp;&nbsp;&nbsp;&nbsp;&nbsp;&nbsp;&nbsp;&nbsp;&nbsp;&nbsp;&nbsp;&nbsp;&nbsp;<\/p>\n\n\n\n<p>LEONIDAS DU VAL D\u2019ELLE&nbsp;&nbsp;&nbsp;&nbsp;&nbsp;&nbsp; &nbsp;&nbsp;&nbsp;&nbsp;&nbsp;&nbsp;&nbsp;&nbsp;&nbsp;&nbsp;&nbsp;&nbsp;&nbsp;&nbsp;&nbsp;&nbsp;&nbsp;&nbsp;&nbsp;&nbsp;&nbsp;&nbsp;&nbsp;&nbsp;&nbsp;&nbsp;&nbsp;&nbsp;&nbsp;&nbsp;&nbsp;&nbsp;&nbsp;&nbsp;&nbsp;&nbsp;&nbsp;&nbsp;<strong><\/strong><\/p>\n\n\n\n<div class=\"wp-block-media-text is-stacked-on-mobile\"><figure class=\"wp-block-media-text__media\"><img loading=\"lazy\" decoding=\"async\" width=\"250\" height=\"250\" src=\"https:\/\/ane-normand.fr\/wp-content\/uploads\/2024\/02\/cropped-cropped-logo-OS-AN-modif.jpg\" alt=\"\" class=\"wp-image-78 size-full\" srcset=\"https:\/\/ane-normand.fr\/wp-content\/uploads\/2024\/02\/cropped-cropped-logo-OS-AN-modif.jpg 250w, https:\/\/ane-normand.fr\/wp-content\/uploads\/2024\/02\/cropped-cropped-logo-OS-AN-modif-150x150.jpg 150w, https:\/\/ane-normand.fr\/wp-content\/uploads\/2024\/02\/cropped-cropped-logo-OS-AN-modif-100x100.jpg 100w\" sizes=\"auto, (max-width: 250px) 100vw, 250px\" \/><\/figure><div class=\"wp-block-media-text__content\">\n<p>Baudet bai n\u00e9 en 2021                          Taille : 117 cm<\/p>\n\n\n\n<p>Propri\u00e9taire: <\/p>\n\n\n\n<p>Association nationale de l&rsquo;\u00c2ne Normand<\/p>\n\n\n\n<p>En station chez PAUMELLE S\u00e9bastien 580 Chemin Du Petit Monastere 76850 Montreuil En Caux <\/p>\n\n\n\n<p>tel : 0627168069<\/p>\n<\/div><\/div>\n","protected":false},"excerpt":{"rendered":"<p>Cartographie des baudets agr\u00e9\u00e9s actifs Liste des Baudets \u00c2NE NORMAND et Etalonniers 14 \u2013 CALVADOS FITROEN PIGACHE&nbsp;&nbsp;&nbsp;&nbsp;&nbsp;&nbsp;&nbsp;&nbsp;&nbsp;&nbsp;&nbsp;&nbsp;&nbsp;&nbsp;&nbsp;&nbsp;&nbsp;&nbsp;&nbsp;&nbsp;&nbsp;&nbsp;&nbsp; Baudet chocolat n\u00e9 en 2015 Taille : 120 cm Propri\u00e9taire: LENEVEU Hubert 718 Chemin De La Garenne 14130 Coquainvilliers T\u00e9l: 06 85 72 40 80 UBONGO DU GITE&nbsp;&nbsp;&nbsp;&nbsp;&nbsp;&nbsp;&nbsp;&nbsp;&nbsp;&nbsp;&nbsp;&nbsp;&nbsp;&nbsp;&nbsp;&nbsp;&nbsp;&nbsp; Baudet bai n\u00e9 en 2008 Taille : 122 cm Propri\u00e9taire: &hellip; <\/p>\n<p class=\"link-more\"><a href=\"https:\/\/ane-normand.fr\/?page_id=129\" class=\"more-link\">Continuer la lecture<span class=\"screen-reader-text\"> de &laquo;&nbsp;les baudets&nbsp;&raquo;<\/span><\/a><\/p>\n","protected":false},"author":1,"featured_media":0,"parent":0,"menu_order":0,"comment_status":"closed","ping_status":"closed","template":"","meta":{"footnotes":""},"class_list":["post-129","page","type-page","status-publish","hentry"],"_links":{"self":[{"href":"https:\/\/ane-normand.fr\/index.php?rest_route=\/wp\/v2\/pages\/129","targetHints":{"allow":["GET"]}}],"collection":[{"href":"https:\/\/ane-normand.fr\/index.php?rest_route=\/wp\/v2\/pages"}],"about":[{"href":"https:\/\/ane-normand.fr\/index.php?rest_route=\/wp\/v2\/types\/page"}],"author":[{"embeddable":true,"href":"https:\/\/ane-normand.fr\/index.php?rest_route=\/wp\/v2\/users\/1"}],"replies":[{"embeddable":true,"href":"https:\/\/ane-normand.fr\/index.php?rest_route=%2Fwp%2Fv2%2Fcomments&post=129"}],"version-history":[{"count":40,"href":"https:\/\/ane-normand.fr\/index.php?rest_route=\/wp\/v2\/pages\/129\/revisions"}],"predecessor-version":[{"id":243,"href":"https:\/\/ane-normand.fr\/index.php?rest_route=\/wp\/v2\/pages\/129\/revisions\/243"}],"wp:attachment":[{"href":"https:\/\/ane-normand.fr\/index.php?rest_route=%2Fwp%2Fv2%2Fmedia&parent=129"}],"curies":[{"name":"wp","href":"https:\/\/api.w.org\/{rel}","templated":true}]}}