{"id":52,"date":"2024-02-13T22:26:27","date_gmt":"2024-02-13T21:26:27","guid":{"rendered":"https:\/\/ane-normand.fr\/?page_id=52"},"modified":"2024-02-18T23:30:36","modified_gmt":"2024-02-18T22:30:36","slug":"les-statuts-2","status":"publish","type":"page","link":"https:\/\/ane-normand.fr\/?page_id=52","title":{"rendered":"Les Statuts"},"content":{"rendered":"\n<p><strong>STATUTS DE L\u2019ASSOCIATION NATIONALE DE L&rsquo;\u00c2NE NORMAND (L\u2019\u00c2.N.)<\/strong><\/p>\n\n\n\n<p><strong>TITRE 1<\/strong>: <em><u>CONSTITUTION-OBJET-SIEGE SOCIAL-DUREE<\/u><\/em><\/p>\n\n\n\n<p><strong>ARTICLE 1<\/strong> : <strong><u>CONSTITUTION ET DENOMINATION<\/u><\/strong><\/p>\n\n\n\n<p>Il est fond\u00e9, entre les adh\u00e9rents aux pr\u00e9sents statuts, une Association r\u00e9gie par la Loi du 1er Juillet 1901 et le D\u00e9cret du 16 Ao\u00fbt 1901, ayant pour titre: <strong>ASSOCIATION NATIONALE DE L&rsquo;\u00c2NE NORMAND (L&rsquo;\u00c2.N.)<\/strong>.<\/p>\n\n\n\n<p><strong>ARTICLE 2<\/strong> : <strong><u>OBJET<\/u><\/strong><\/p>\n\n\n\n<p>Cette Association a pour objet, d&rsquo;une part, de promouvoir l&rsquo;\u00e9levage et l&rsquo;utilisation de l&rsquo;\u00e2ne normand et d&rsquo;autre part, de regrouper et aider les \u00e9leveurs, utilisateurs et amateurs d&rsquo;.\u00e2nes normands. En outre, elle a pour vocation, au sein de la commission du livre g\u00e9n\u00e9alogique, de participer \u00e0 la s\u00e9lection et l&rsquo;am\u00e9lioration g\u00e9n\u00e9tique des \u00e2nes normands.<\/p>\n\n\n\n<p><strong>ARTICLE 3<\/strong> : <strong><u>SIEGE SOCIAL<\/u><\/strong><\/p>\n\n\n\n<p>Le si\u00e8ge social est fix\u00e9 \u00e0 l&rsquo;adresse suivante: <strong>Haras du Pin -61310 LE PIN AU HARAS<\/strong><\/p>\n\n\n\n<p><strong>ARTICLE 4<\/strong>: <strong><u>DUREE<\/u><\/strong><\/p>\n\n\n\n<p>La dur\u00e9e de 1&rsquo;Association est illimit\u00e9e.<\/p>\n\n\n\n<p><strong>TITRE II<\/strong>: <em><u>COMPOSITION<\/u><\/em><\/p>\n\n\n\n<p><strong>ARTICLE 5<\/strong> : <strong><u>COMPOSITION<\/u><\/strong><\/p>\n\n\n\n<p>L\u2019association se compose de :<\/p>\n\n\n\n<p>&#8211;&nbsp; <strong>Membres d\u2019honneur <\/strong>: Sont membres d&rsquo;Honneur, ceux qui ont rendu des services signal\u00e9s \u00e0 l&rsquo;Association. Ce titre est d\u00e9cern\u00e9 par l&rsquo;Assembl\u00e9e G\u00e9n\u00e9rale sur proposition du Conseil d&rsquo;Administration.<\/p>\n\n\n\n<p>&#8211;&nbsp; <strong>Membres Bienfaiteurs<\/strong>: Sont membres Bienfaiteurs, les personnes qui apportent une aide exceptionnelle \u00e0 l&rsquo;Association.<\/p>\n\n\n\n<p>&#8211;&nbsp; <strong>Membres Actifs<\/strong>: Sont membres Actifs tous les adh\u00e9rents \u00e0 jour de leur cotisation.<\/p>\n\n\n\n<p>Les membres peuvent \u00eatre des personnes <strong>physiques<\/strong> ou <strong>morales<\/strong>.<\/p>\n\n\n\n<p><strong>ARTICLE 6<\/strong> : <strong><u>COTISATIONS<\/u><\/strong><\/p>\n\n\n\n<p>La cotisation annuelle pour les adh\u00e9rents est fix\u00e9e chaque ann\u00e9e par l&rsquo;Assembl\u00e9e G\u00e9n\u00e9rale Ordinaire.<\/p>\n\n\n\n<p><strong>ARTICLE 7<\/strong>&nbsp;: <strong><u>PERTE DE LA QUALITE DE MEMBRE<\/u><\/strong><\/p>\n\n\n\n<p>La qualit\u00e9 de membre se perd par&nbsp;:<\/p>\n\n\n\n<p>\u00b7&nbsp; Le d\u00e9c\u00e8s<\/p>\n\n\n\n<p>\u00b7&nbsp; La d\u00e9mission, adress\u00e9e par \u00e9crit au Pr\u00e9sident de l&rsquo;Association\u00b7<\/p>\n\n\n\n<p>\u00b7&nbsp; La radiation, prononc\u00e9e par le Conseil d&rsquo;Administration pour non-paiement de la cotisation.<\/p>\n\n\n\n<p>\u00b7&nbsp; Par l&rsquo;exclusion, prononc\u00e9e par le Conseil d&rsquo;Administration pour infraction aux pr\u00e9sents statuts ou motif grave portant pr\u00e9judice moral ou mat\u00e9riel \u00e0 l\u2019Association. L&rsquo;int\u00e9ress\u00e9 concern\u00e9 ayant \u00e9t\u00e9 invit\u00e9, par lettre recommand\u00e9e, \u00e0 se pr\u00e9senter devant le Conseil d&rsquo;Administration pour fournir des explications.<\/p>\n\n\n\n<p><strong>TITRE III<\/strong>: <em><u>ADMINISTRATION ET FONCTIONNEMENT<\/u><\/em><\/p>\n\n\n\n<p><strong>ARTICLE 8<\/strong> : <strong><u>ASSEMBLEE GENERALE ORDINAIRE<\/u><\/strong><\/p>\n\n\n\n<p>L&rsquo;Assembl\u00e9e G\u00e9n\u00e9rale Ordinaire comprend tous les membres de l&rsquo;Association, \u00e0 quelque titre qu&rsquo;ils soient affili\u00e9s. L\u2019assembl\u00e9e g\u00e9n\u00e9rale se r\u00e9unit chaque ann\u00e9e.<\/p>\n\n\n\n<p>Quinze jours au moins avant la date fix\u00e9e, les membres de l&rsquo;Association sont convoqu\u00e9s par les soins du Secr\u00e9taire.<\/p>\n\n\n\n<p>L&rsquo;ordre du jour est indiqu\u00e9 sur les convocations.<\/p>\n\n\n\n<p>Le Pr\u00e9sident, assist\u00e9 des membres du Conseil d&rsquo;Administration, pr\u00e9side 1&rsquo;Assembl\u00e9e et expose le rapport moral de l&rsquo;Association. Le Tr\u00e9sorier rend compte de sa gestion et soumet le rapport financier \u00e0 l&rsquo;approbation de l&rsquo;Assembl\u00e9e G\u00e9n\u00e9rale.<\/p>\n\n\n\n<p>Les d\u00e9cisions sont prises \u00e0 la moiti\u00e9 des membres pr\u00e9sents ou repr\u00e9sent\u00e9s; en cas de 2<sup>\u00e8me<\/sup>tour, \u00e0 la majorit\u00e9 relative. Un membre se trouvant dans l&rsquo;impossibilit\u00e9 de se rendre \u00e0 l\u2019Assembl\u00e9e G\u00e9n\u00e9rale pourra donner pouvoir \u00e0 un autre membre \u00e0 jour de sa cotisation.<\/p>\n\n\n\n<p>Ne pourront voter que les membres \u00e0 jour de leur cotisation.<\/p>\n\n\n\n<p>Pour l&rsquo;\u00e9lection des membres candidats au Conseil d&rsquo;Administration, le vote par correspondance pourra \u00eatre pratiqu\u00e9 et en cas de 2<sup>\u00e8me<\/sup> tour seule la majorit\u00e9 relative des gens pr\u00e9sents ou repr\u00e9sent\u00e9s sera prise en compte.<\/p>\n\n\n\n<p>Lors de r\u00e9unions et d&rsquo;Assembl\u00e9es G\u00e9n\u00e9rales, le nombre de pouvoirs est limit\u00e9 \u00e0 2 par membre de l&rsquo;Association.<\/p>\n\n\n\n<p>Il est proc\u00e9d\u00e9, au cours de l&rsquo;Assembl\u00e9e G\u00e9n\u00e9rale, au renouvellement, au scrutin secret, des membres du Conseil d&rsquo;Administration.<\/p>\n\n\n\n<p><strong>ARTICLE 9<\/strong> : <strong><u>ASSEMBLEE GENERALE EXTRAORDINAIRE<\/u><\/strong><\/p>\n\n\n\n<p>L&rsquo;Assembl\u00e9e G\u00e9n\u00e9rale extraordinaire est convoqu\u00e9e par le Pr\u00e9sident, \u00e0 la demande de la moiti\u00e9 plus un des membres \u00e0 jour de leur cotisation ou \u00e0 la demande de 5 membres du conseil d&rsquo;administration. Elle prend ses d\u00e9cisions \u00e0 la majorit\u00e9 absolue des membres pr\u00e9sents ou repr\u00e9sent\u00e9s, en cas de 2<sup>\u00e8me<\/sup> tour, \u00e0 la majorit\u00e9 relative.<\/p>\n\n\n\n<p><strong>ARTICLE 10<\/strong> : <strong><u>CONSEIL D&rsquo;ADMINISTRATION<\/u><\/strong><\/p>\n\n\n\n<p>L&rsquo;Association est dirig\u00e9e par un Conseil d&rsquo;Administration de 18 membres \u00e9lus pour 3 ann\u00e9es par l\u2019Assembl\u00e9e G\u00e9n\u00e9rale. Les membres sont r\u00e9\u00e9ligibles.<\/p>\n\n\n\n<p>Le Conseil d&rsquo;Administration choisit parmi ses membres, au scrutin secret, un bureau \u00e9lu pour 3 ans \u00e9galement, compos\u00e9 de :<\/p>\n\n\n\n<p>\u00b7&nbsp; Un Pr\u00e9sident<\/p>\n\n\n\n<p>\u00b7&nbsp; 2 Vice-Pr\u00e9sidents<\/p>\n\n\n\n<p>\u00b7&nbsp; Un Secr\u00e9taire et un Secr\u00e9taire adjoint<\/p>\n\n\n\n<p>\u00b7&nbsp; Un Tr\u00e9sorier et Tr\u00e9sorier adjoint<\/p>\n\n\n\n<p>Le Conseil d&rsquo;Administration \u00e9tant renouvel\u00e9 tous les 3 ans par tiers, la premi\u00e8re et la deuxi\u00e8me \u00e9ch\u00e9ance, les membres sortants sont d\u00e9sign\u00e9s par le sort. Il en est de m\u00eame en cas de d\u00e9mission globale des membres du Conseil d&rsquo;Administration.<\/p>\n\n\n\n<p>En cas de vacance, seul Conseil d&rsquo;Administration peut pourvoir provisoirement au remplacement de ses membres par cooptation. Seuls, ces membres ainsi coopt\u00e9s seront soumis au vote, pour le remplacement d\u00e9finitif, par la plus proche Assembl\u00e9e G\u00e9n\u00e9rale. Les pouvoirs des membres \u00e9lus prennent fin \u00e0 l&rsquo;\u00e9poque o\u00f9 devraient normalement expirer le mandat des membres remplac\u00e9s.<\/p>\n\n\n\n<p>Si la personne coopt\u00e9e ne satisfait pas le Conseil d&rsquo;Administration pendant sa p\u00e9riode probatoire, ce m\u00eame Conseil d&rsquo;Administration se r\u00e9serve le droit de pr\u00e9senter ou non cette personne.<\/p>\n\n\n\n<p>Pour pouvoir se pr\u00e9senter au Conseil d&rsquo;Administration, il faut r\u00e9pondre aux exigences du r\u00e8glement int\u00e9rieur de l&rsquo;Association.<\/p>\n\n\n\n<p>Ne pourront se pr\u00e9senter au Conseil d&rsquo;Administration que les membres \u00e0 jour de leur cotisation et \u00e9tant adh\u00e9rent depuis au moins un an.<\/p>\n\n\n\n<p><strong>ARTICLE 11<\/strong> : <strong><u>REUNION DU CONSEIL D&rsquo;ADMINISTRATION<\/u><\/strong><\/p>\n\n\n\n<p>Le Conseil d&rsquo;Administration se r\u00e9unit au moins 3 fois par an sur convocation du Pr\u00e9sident ou du Secr\u00e9taire ou \u00e0 la demande du tiers de ses membres, quinze jours avant la r\u00e9union.<\/p>\n\n\n\n<p>Les d\u00e9cisions sont prises \u00e0 la majorit\u00e9 des voix; en cas d&rsquo;\u00e9galit\u00e9, la voix du Pr\u00e9sident est pr\u00e9pond\u00e9rante.<\/p>\n\n\n\n<p>Tout membre du Conseil d&rsquo;Administration qui, sans excuses, n&rsquo;aura pas assist\u00e9 \u00e0 3 r\u00e9unions cons\u00e9cutives, pourra \u00eatre consid\u00e9r\u00e9 comme d\u00e9missionnaire.<\/p>\n\n\n\n<p><strong>ARTICLE 12 <\/strong>: <strong><u>R\u00d4LE DU CONSEIL D\u2019ADMINISTRATION<\/u><\/strong><\/p>\n\n\n\n<p>Le Conseil d&rsquo;Administration est charg\u00e9 de la gestion de l&rsquo;Association, de ses ressources et de son patrimoine, et dispose \u00e0 cette fin des pouvoirs les plus \u00e9tendus, sans autre limitation que celle des pouvoirs et attributions express\u00e9ment r\u00e9serv\u00e9s \u00e0 l&rsquo;Assembl\u00e9e G\u00e9n\u00e9rale par les pr\u00e9sents statuts.<\/p>\n\n\n\n<p>Il ent\u00e9rine toute cr\u00e9ation, de poste.<\/p>\n\n\n\n<p>Il prend des d\u00e9cisions d&rsquo;ex\u00e9cution.<\/p>\n\n\n\n<p>Il \u00e9tablit, \u00e0 la cl\u00f4ture de chaque exercice, un rapport sur la marche de l&rsquo;Association pendant l\u2019exercice \u00e9coul\u00e9 et rend compte \u00e0 l\u2019Assembl\u00e9e G\u00e9n\u00e9rale annuelle qui statue sur la gestion.<\/p>\n\n\n\n<p>Il d\u00e9finit, s&rsquo;il y a lieu, par r\u00e8glement int\u00e9rieur et r\u00e8glement technique, les r\u00e8gles internes \u00e0 l&rsquo;Association.<\/p>\n\n\n\n<p>Il peut faire toute d\u00e9l\u00e9gation de pouvoir pour une question d\u00e9termin\u00e9e et un temps limit\u00e9.<\/p>\n\n\n\n<p><strong>TITRE IV<\/strong>: <em><u>RESSOURCES DE L&rsquo;ASSOCIATION &#8211; COMPTABILITE<\/u><\/em><\/p>\n\n\n\n<p><strong>ARTICLE 13<\/strong> : <strong><u>RESSOURCES DE L&rsquo;ASSOCIATION<\/u><\/strong><\/p>\n\n\n\n<p>Les ressources de l&rsquo;Association comprennent notamment&nbsp;:<\/p>\n\n\n\n<p>\u00b7&nbsp; Les cotisations, participations pour prestations diverses et les dons.<\/p>\n\n\n\n<p>\u00b7&nbsp; Les subventions de l&rsquo;Etat, de la Communaut\u00e9 Europ\u00e9enne, des D\u00e9partements, des Communes et des Etablissements Publics ou Priv\u00e9s autoris\u00e9s.<\/p>\n\n\n\n<p>\u00b7&nbsp; Toutes recettes r\u00e9sultant de ses activit\u00e9s et non interdites par la Loi<\/p>\n\n\n\n<p>\u00b7&nbsp; Les ventes de produits divers<\/p>\n\n\n\n<p><strong>ARTICLE 14<\/strong>: <strong><u>COMPTABlLITE<\/u><\/strong><\/p>\n\n\n\n<p>Il est tenu une comptabilit\u00e9 mensuelle en recettes et en d\u00e9penses pour l&rsquo;enregistrement de toutes les op\u00e9rations financi\u00e8res.<\/p>\n\n\n\n<p><strong>TITRE V<\/strong>: <em><u>DISPOSITIONS DIVERSES<\/u><\/em><\/p>\n\n\n\n<p><strong>ARTICLE 15<\/strong>: <strong><u>MODIFICATION DES STATUTS<\/u><\/strong><\/p>\n\n\n\n<p>Les statuts peuvent \u00eatre modifi\u00e9s par une Assembl\u00e9e G\u00e9n\u00e9rale Extraordinaire convoqu\u00e9e, sp\u00e9cialement \u00e0 cet effet, selon les dispositions de l&rsquo;article 10.<\/p>\n\n\n\n<p><strong>ARTICLE 16<\/strong> : <strong><u>DISSOLUTION<\/u><\/strong><\/p>\n\n\n\n<p>En cas de dissolution prononc\u00e9e par les deux tiers au moins des membres pr\u00e9sents \u00e0 l&rsquo;Assembl\u00e9e G\u00e9n\u00e9rale, un ou plusieurs liquidateurs sont nomm\u00e9s par celle-ci et l&rsquo;actif, s&rsquo;il y a lieu est d\u00e9volu conform\u00e9ment \u00e0 l&rsquo;article 9 de la Loi du 1er juillet 1901 et au D\u00e9cret du 16 Ao\u00fbt 1901, \u00e0 des organismes s&rsquo;int\u00e9ressant \u00e0 l&rsquo;\u00e9levage des \u00e2nes.<\/p>\n","protected":false},"excerpt":{"rendered":"<p>STATUTS DE L\u2019ASSOCIATION NATIONALE DE L&rsquo;\u00c2NE NORMAND (L\u2019\u00c2.N.) TITRE 1: CONSTITUTION-OBJET-SIEGE SOCIAL-DUREE ARTICLE 1 : CONSTITUTION ET DENOMINATION Il est fond\u00e9, entre les adh\u00e9rents aux pr\u00e9sents statuts, une Association r\u00e9gie par la Loi du 1er Juillet 1901 et le D\u00e9cret du 16 Ao\u00fbt 1901, ayant pour titre: ASSOCIATION NATIONALE DE L&rsquo;\u00c2NE NORMAND (L&rsquo;\u00c2.N.). ARTICLE 2 &hellip; <\/p>\n<p class=\"link-more\"><a href=\"https:\/\/ane-normand.fr\/?page_id=52\" class=\"more-link\">Continuer la lecture<span class=\"screen-reader-text\"> de &laquo;&nbsp;Les Statuts&nbsp;&raquo;<\/span><\/a><\/p>\n","protected":false},"author":1,"featured_media":0,"parent":0,"menu_order":0,"comment_status":"closed","ping_status":"closed","template":"","meta":{"footnotes":""},"class_list":["post-52","page","type-page","status-publish","hentry"],"_links":{"self":[{"href":"https:\/\/ane-normand.fr\/index.php?rest_route=\/wp\/v2\/pages\/52","targetHints":{"allow":["GET"]}}],"collection":[{"href":"https:\/\/ane-normand.fr\/index.php?rest_route=\/wp\/v2\/pages"}],"about":[{"href":"https:\/\/ane-normand.fr\/index.php?rest_route=\/wp\/v2\/types\/page"}],"author":[{"embeddable":true,"href":"https:\/\/ane-normand.fr\/index.php?rest_route=\/wp\/v2\/users\/1"}],"replies":[{"embeddable":true,"href":"https:\/\/ane-normand.fr\/index.php?rest_route=%2Fwp%2Fv2%2Fcomments&post=52"}],"version-history":[{"count":2,"href":"https:\/\/ane-normand.fr\/index.php?rest_route=\/wp\/v2\/pages\/52\/revisions"}],"predecessor-version":[{"id":61,"href":"https:\/\/ane-normand.fr\/index.php?rest_route=\/wp\/v2\/pages\/52\/revisions\/61"}],"wp:attachment":[{"href":"https:\/\/ane-normand.fr\/index.php?rest_route=%2Fwp%2Fv2%2Fmedia&parent=52"}],"curies":[{"name":"wp","href":"https:\/\/api.w.org\/{rel}","templated":true}]}}